{"id":472,"date":"2017-02-10T07:41:34","date_gmt":"2017-02-10T06:41:34","guid":{"rendered":"https:\/\/klasam.se\/?page_id=472"},"modified":"2024-04-23T13:29:30","modified_gmt":"2024-04-23T11:29:30","slug":"vara-projekt","status":"publish","type":"page","link":"https:\/\/klasam.se\/klasam\/vara-projekt\/","title":{"rendered":"Syftet med insatserna"},"content":{"rendered":"<p class=\"sv-font-normal\">Med en gemensam budget och ett gemensamt m\u00e5l kan kommuner och regioner tillsammans med Arbetsf\u00f6rmedlingen och F\u00f6rs\u00e4kringskassan erbjuda en mer sammanh\u00e5llen och effektiv rehabilitering p\u00e5 den lokala och regionala arenan n\u00e4ra individen. I samordningsf\u00f6rbundet beslutar styrelsen om hur de gemensamma medlen ska anv\u00e4ndas utifr\u00e5n de lokala behov som finns. Insatserna kan vara direkt fokuserade p\u00e5 den enskilde eller vara utformade p\u00e5 ett s\u00e4tt som mer indirekt \u00e4nd\u00e5 uppn\u00e5r syftet i best\u00e4mmelsen genom exempelvis struktur\u00f6vergripande insatser f\u00f6r att st\u00e4rka samverkan lokalt.<\/p>\n<p class=\"sv-font-normal\">Insatserna som erbjuds ska ligga inom parternas samlade ansvarsomr\u00e5de. Genom att sammanf\u00f6ra resurser fr\u00e5n de olika parterna kan samordnade bed\u00f6mningar och insatser underl\u00e4ttas.<\/p>\n<h3 id=\"h-Individinriktadeinsatser\" class=\"sv-font-h3\">Individinriktade insatser<\/h3>\n<p class=\"sv-font-normal\">De individinriktade insatserna syftar till att deltagaren ska uppn\u00e5 eller f\u00f6rb\u00e4ttra sin arbetsf\u00f6rm\u00e5ga. Insatserna kan vara arbetslivsinriktade, aktiverande och motiverande, behandlande eller f\u00f6rebyggande.<\/p>\n<p class=\"sv-font-normal\">Villkoret f\u00f6r att f\u00e5 insatser inom ramen f\u00f6r finansiell samordning \u00e4r att individen har ett klart behov av samordnade insatser fr\u00e5n flera rehabiliteringsakt\u00f6rer.<\/p>\n<p class=\"sv-font-normal\">De individinriktade insatserna genomf\u00f6rs av medlemmarnas medarbetare.<\/p>\n<h3 id=\"h-Strukturovergripandeinsatser\" class=\"sv-font-h3\">Struktur\u00f6vergripande insatser<\/h3>\n<p class=\"sv-font-normal\">De struktur\u00f6vergripande insatserna syftar till att st\u00e4rka samverkan mellan myndigheterna och f\u00f6r att \u00f6ka kunskapen om olika gruppers behov av rehabilitering. De struktur\u00f6vergripande insatserna kan bland annat inneh\u00e5lla f\u00f6rstudier, projektst\u00f6d eller kompetensutvecklingsinsatser och v\u00e4nder sig <br \/>till anst\u00e4llda inom de samverkande myndigheterna.<\/p>\n\n<div class=\"wp-block-image\">\n<figure class=\"aligncenter size-large is-resized\"><img loading=\"lazy\" decoding=\"async\" width=\"1024\" height=\"683\" src=\"https:\/\/klasam.se\/wp-content\/uploads\/2022\/02\/mountains-g9ae1c34c9_1920-1024x683.jpg\" alt=\"\" class=\"wp-image-1767\" style=\"width:602px;height:401px\" srcset=\"https:\/\/klasam.se\/klasam\/wp-content\/uploads\/sites\/1\/2022\/02\/mountains-g9ae1c34c9_1920-1024x683.jpg 1024w, https:\/\/klasam.se\/klasam\/wp-content\/uploads\/sites\/1\/2022\/02\/mountains-g9ae1c34c9_1920-300x200.jpg 300w, https:\/\/klasam.se\/klasam\/wp-content\/uploads\/sites\/1\/2022\/02\/mountains-g9ae1c34c9_1920-768x512.jpg 768w, https:\/\/klasam.se\/klasam\/wp-content\/uploads\/sites\/1\/2022\/02\/mountains-g9ae1c34c9_1920-1536x1024.jpg 1536w, https:\/\/klasam.se\/klasam\/wp-content\/uploads\/sites\/1\/2022\/02\/mountains-g9ae1c34c9_1920.jpg 1920w\" sizes=\"auto, (max-width: 1024px) 100vw, 1024px\" \/><\/figure>\n<\/div>\n\n\n<h2 class=\"wp-block-heading\" id=\"h-Lokalbehovsanalys\">Lokal behovsanalys<\/h2>\n\n\n\n<p>Vilka insatser som styrelsen fattar beslut om att genomf\u00f6ra utg\u00e5r fr\u00e5n de lokala behoven. Genom att kartl\u00e4gga hur behovet och utbudet ser ut f\u00f6r olika m\u00e5lgrupper blir det enklare att hitta prioriterade m\u00e5lgrupper och vilka behov av insatser som finns i det omr\u00e5de som samordningsf\u00f6rbundet verkar i.<\/p>\n\n\n\n<p><\/p>\n","protected":false},"excerpt":{"rendered":"<p>Med en gemensam budget och ett gemensamt m\u00e5l kan kommuner och regioner tillsammans med Arbetsf\u00f6rmedlingen och F\u00f6rs\u00e4kringskassan erbjuda en mer sammanh\u00e5llen och effektiv rehabilitering p\u00e5 den lokala och regionala arenan n\u00e4ra individen. I samordningsf\u00f6rbundet beslutar styrelsen om hur de gemensamma medlen ska anv\u00e4ndas utifr\u00e5n de lokala behov som finns. Insatserna kan vara direkt fokuserade p\u00e5 [&hellip;]<\/p>\n","protected":false},"author":1,"featured_media":1767,"parent":0,"menu_order":0,"comment_status":"closed","ping_status":"closed","template":"","meta":{"footnotes":""},"class_list":["post-472","page","type-page","status-publish","has-post-thumbnail","hentry"],"yoast_head":"<!-- This site is optimized with the Yoast SEO plugin v27.5 - https:\/\/yoast.com\/product\/yoast-seo-wordpress\/ -->\n<title>Syftet med insatserna - Klar\u00e4lvdalens Samordningsf\u00f6rbund<\/title>\n<meta name=\"robots\" content=\"index, follow, max-snippet:-1, max-image-preview:large, max-video-preview:-1\" \/>\n<link rel=\"canonical\" href=\"https:\/\/klasam.se\/klasam\/vara-projekt\/\" \/>\n<meta property=\"og:locale\" content=\"sv_SE\" \/>\n<meta property=\"og:type\" content=\"article\" \/>\n<meta property=\"og:title\" content=\"Syftet med insatserna - Klar\u00e4lvdalens Samordningsf\u00f6rbund\" \/>\n<meta property=\"og:description\" content=\"Med en gemensam budget och ett gemensamt m\u00e5l kan kommuner och regioner tillsammans med Arbetsf\u00f6rmedlingen och F\u00f6rs\u00e4kringskassan erbjuda en mer sammanh\u00e5llen och effektiv rehabilitering p\u00e5 den lokala och regionala arenan n\u00e4ra individen. I samordningsf\u00f6rbundet beslutar styrelsen om hur de gemensamma medlen ska anv\u00e4ndas utifr\u00e5n de lokala behov som finns. Insatserna kan vara direkt fokuserade p\u00e5 [&hellip;]\" \/>\n<meta property=\"og:url\" content=\"https:\/\/klasam.se\/klasam\/vara-projekt\/\" \/>\n<meta property=\"og:site_name\" content=\"Klar\u00e4lvdalens Samordningsf\u00f6rbund\" \/>\n<meta property=\"article:modified_time\" content=\"2024-04-23T11:29:30+00:00\" \/>\n<meta property=\"og:image\" content=\"https:\/\/klasam.se\/klasam\/wp-content\/uploads\/sites\/1\/2022\/02\/mountains-g9ae1c34c9_1920.jpg\" \/>\n\t<meta property=\"og:image:width\" content=\"1920\" \/>\n\t<meta property=\"og:image:height\" content=\"1280\" \/>\n\t<meta property=\"og:image:type\" content=\"image\/jpeg\" \/>\n<meta name=\"twitter:card\" content=\"summary_large_image\" \/>\n<meta name=\"twitter:label1\" content=\"Ber\u00e4knad l\u00e4stid\" \/>\n\t<meta name=\"twitter:data1\" content=\"2 minuter\" \/>\n<script type=\"application\/ld+json\" class=\"yoast-schema-graph\">{\"@context\":\"https:\\\/\\\/schema.org\",\"@graph\":[{\"@type\":\"WebPage\",\"@id\":\"https:\\\/\\\/klasam.se\\\/klasam\\\/vara-projekt\\\/\",\"url\":\"https:\\\/\\\/klasam.se\\\/klasam\\\/vara-projekt\\\/\",\"name\":\"Syftet med insatserna - Klar\u00e4lvdalens Samordningsf\u00f6rbund\",\"isPartOf\":{\"@id\":\"https:\\\/\\\/klasam.se\\\/klasam\\\/#website\"},\"primaryImageOfPage\":{\"@id\":\"https:\\\/\\\/klasam.se\\\/klasam\\\/vara-projekt\\\/#primaryimage\"},\"image\":{\"@id\":\"https:\\\/\\\/klasam.se\\\/klasam\\\/vara-projekt\\\/#primaryimage\"},\"thumbnailUrl\":\"https:\\\/\\\/klasam.se\\\/klasam\\\/wp-content\\\/uploads\\\/sites\\\/1\\\/2022\\\/02\\\/mountains-g9ae1c34c9_1920.jpg\",\"datePublished\":\"2017-02-10T06:41:34+00:00\",\"dateModified\":\"2024-04-23T11:29:30+00:00\",\"breadcrumb\":{\"@id\":\"https:\\\/\\\/klasam.se\\\/klasam\\\/vara-projekt\\\/#breadcrumb\"},\"inLanguage\":\"sv-SE\",\"potentialAction\":[{\"@type\":\"ReadAction\",\"target\":[\"https:\\\/\\\/klasam.se\\\/klasam\\\/vara-projekt\\\/\"]}]},{\"@type\":\"ImageObject\",\"inLanguage\":\"sv-SE\",\"@id\":\"https:\\\/\\\/klasam.se\\\/klasam\\\/vara-projekt\\\/#primaryimage\",\"url\":\"https:\\\/\\\/klasam.se\\\/klasam\\\/wp-content\\\/uploads\\\/sites\\\/1\\\/2022\\\/02\\\/mountains-g9ae1c34c9_1920.jpg\",\"contentUrl\":\"https:\\\/\\\/klasam.se\\\/klasam\\\/wp-content\\\/uploads\\\/sites\\\/1\\\/2022\\\/02\\\/mountains-g9ae1c34c9_1920.jpg\",\"width\":1920,\"height\":1280},{\"@type\":\"BreadcrumbList\",\"@id\":\"https:\\\/\\\/klasam.se\\\/klasam\\\/vara-projekt\\\/#breadcrumb\",\"itemListElement\":[{\"@type\":\"ListItem\",\"position\":1,\"name\":\"Home\",\"item\":\"https:\\\/\\\/klasam.se\\\/klasam\\\/\"},{\"@type\":\"ListItem\",\"position\":2,\"name\":\"Syftet med insatserna\"}]},{\"@type\":\"WebSite\",\"@id\":\"https:\\\/\\\/klasam.se\\\/klasam\\\/#website\",\"url\":\"https:\\\/\\\/klasam.se\\\/klasam\\\/\",\"name\":\"Klar\u00e4lvdalens Samordningsf\u00f6rbund\",\"description\":\"Arbete och nya m\u00f6jligheter f\u00f6r alla\",\"publisher\":{\"@id\":\"https:\\\/\\\/klasam.se\\\/klasam\\\/#organization\"},\"potentialAction\":[{\"@type\":\"SearchAction\",\"target\":{\"@type\":\"EntryPoint\",\"urlTemplate\":\"https:\\\/\\\/klasam.se\\\/klasam\\\/?s={search_term_string}\"},\"query-input\":{\"@type\":\"PropertyValueSpecification\",\"valueRequired\":true,\"valueName\":\"search_term_string\"}}],\"inLanguage\":\"sv-SE\"},{\"@type\":\"Organization\",\"@id\":\"https:\\\/\\\/klasam.se\\\/klasam\\\/#organization\",\"name\":\"Klar\u00e4lvdalens Samordningsf\u00f6rbund\",\"url\":\"https:\\\/\\\/klasam.se\\\/klasam\\\/\",\"logo\":{\"@type\":\"ImageObject\",\"inLanguage\":\"sv-SE\",\"@id\":\"https:\\\/\\\/klasam.se\\\/klasam\\\/#\\\/schema\\\/logo\\\/image\\\/\",\"url\":\"https:\\\/\\\/klasam.se\\\/klasam\\\/wp-content\\\/uploads\\\/sites\\\/1\\\/2024\\\/06\\\/Klaralvdalens-Samordningsforbund-Logotyp-Liggande-750-Transparant.png\",\"contentUrl\":\"https:\\\/\\\/klasam.se\\\/klasam\\\/wp-content\\\/uploads\\\/sites\\\/1\\\/2024\\\/06\\\/Klaralvdalens-Samordningsforbund-Logotyp-Liggande-750-Transparant.png\",\"width\":750,\"height\":216,\"caption\":\"Klar\u00e4lvdalens Samordningsf\u00f6rbund\"},\"image\":{\"@id\":\"https:\\\/\\\/klasam.se\\\/klasam\\\/#\\\/schema\\\/logo\\\/image\\\/\"}}]}<\/script>\n<!-- \/ Yoast SEO plugin. -->","yoast_head_json":{"title":"Syftet med insatserna - Klar\u00e4lvdalens Samordningsf\u00f6rbund","robots":{"index":"index","follow":"follow","max-snippet":"max-snippet:-1","max-image-preview":"max-image-preview:large","max-video-preview":"max-video-preview:-1"},"canonical":"https:\/\/klasam.se\/klasam\/vara-projekt\/","og_locale":"sv_SE","og_type":"article","og_title":"Syftet med insatserna - Klar\u00e4lvdalens Samordningsf\u00f6rbund","og_description":"Med en gemensam budget och ett gemensamt m\u00e5l kan kommuner och regioner tillsammans med Arbetsf\u00f6rmedlingen och F\u00f6rs\u00e4kringskassan erbjuda en mer sammanh\u00e5llen och effektiv rehabilitering p\u00e5 den lokala och regionala arenan n\u00e4ra individen. I samordningsf\u00f6rbundet beslutar styrelsen om hur de gemensamma medlen ska anv\u00e4ndas utifr\u00e5n de lokala behov som finns. Insatserna kan vara direkt fokuserade p\u00e5 [&hellip;]","og_url":"https:\/\/klasam.se\/klasam\/vara-projekt\/","og_site_name":"Klar\u00e4lvdalens Samordningsf\u00f6rbund","article_modified_time":"2024-04-23T11:29:30+00:00","og_image":[{"width":1920,"height":1280,"url":"https:\/\/klasam.se\/klasam\/wp-content\/uploads\/sites\/1\/2022\/02\/mountains-g9ae1c34c9_1920.jpg","type":"image\/jpeg"}],"twitter_card":"summary_large_image","twitter_misc":{"Ber\u00e4knad l\u00e4stid":"2 minuter"},"schema":{"@context":"https:\/\/schema.org","@graph":[{"@type":"WebPage","@id":"https:\/\/klasam.se\/klasam\/vara-projekt\/","url":"https:\/\/klasam.se\/klasam\/vara-projekt\/","name":"Syftet med insatserna - Klar\u00e4lvdalens Samordningsf\u00f6rbund","isPartOf":{"@id":"https:\/\/klasam.se\/klasam\/#website"},"primaryImageOfPage":{"@id":"https:\/\/klasam.se\/klasam\/vara-projekt\/#primaryimage"},"image":{"@id":"https:\/\/klasam.se\/klasam\/vara-projekt\/#primaryimage"},"thumbnailUrl":"https:\/\/klasam.se\/klasam\/wp-content\/uploads\/sites\/1\/2022\/02\/mountains-g9ae1c34c9_1920.jpg","datePublished":"2017-02-10T06:41:34+00:00","dateModified":"2024-04-23T11:29:30+00:00","breadcrumb":{"@id":"https:\/\/klasam.se\/klasam\/vara-projekt\/#breadcrumb"},"inLanguage":"sv-SE","potentialAction":[{"@type":"ReadAction","target":["https:\/\/klasam.se\/klasam\/vara-projekt\/"]}]},{"@type":"ImageObject","inLanguage":"sv-SE","@id":"https:\/\/klasam.se\/klasam\/vara-projekt\/#primaryimage","url":"https:\/\/klasam.se\/klasam\/wp-content\/uploads\/sites\/1\/2022\/02\/mountains-g9ae1c34c9_1920.jpg","contentUrl":"https:\/\/klasam.se\/klasam\/wp-content\/uploads\/sites\/1\/2022\/02\/mountains-g9ae1c34c9_1920.jpg","width":1920,"height":1280},{"@type":"BreadcrumbList","@id":"https:\/\/klasam.se\/klasam\/vara-projekt\/#breadcrumb","itemListElement":[{"@type":"ListItem","position":1,"name":"Home","item":"https:\/\/klasam.se\/klasam\/"},{"@type":"ListItem","position":2,"name":"Syftet med insatserna"}]},{"@type":"WebSite","@id":"https:\/\/klasam.se\/klasam\/#website","url":"https:\/\/klasam.se\/klasam\/","name":"Klar\u00e4lvdalens Samordningsf\u00f6rbund","description":"Arbete och nya m\u00f6jligheter f\u00f6r alla","publisher":{"@id":"https:\/\/klasam.se\/klasam\/#organization"},"potentialAction":[{"@type":"SearchAction","target":{"@type":"EntryPoint","urlTemplate":"https:\/\/klasam.se\/klasam\/?s={search_term_string}"},"query-input":{"@type":"PropertyValueSpecification","valueRequired":true,"valueName":"search_term_string"}}],"inLanguage":"sv-SE"},{"@type":"Organization","@id":"https:\/\/klasam.se\/klasam\/#organization","name":"Klar\u00e4lvdalens Samordningsf\u00f6rbund","url":"https:\/\/klasam.se\/klasam\/","logo":{"@type":"ImageObject","inLanguage":"sv-SE","@id":"https:\/\/klasam.se\/klasam\/#\/schema\/logo\/image\/","url":"https:\/\/klasam.se\/klasam\/wp-content\/uploads\/sites\/1\/2024\/06\/Klaralvdalens-Samordningsforbund-Logotyp-Liggande-750-Transparant.png","contentUrl":"https:\/\/klasam.se\/klasam\/wp-content\/uploads\/sites\/1\/2024\/06\/Klaralvdalens-Samordningsforbund-Logotyp-Liggande-750-Transparant.png","width":750,"height":216,"caption":"Klar\u00e4lvdalens Samordningsf\u00f6rbund"},"image":{"@id":"https:\/\/klasam.se\/klasam\/#\/schema\/logo\/image\/"}}]}},"_links":{"self":[{"href":"https:\/\/klasam.se\/klasam\/wp-json\/wp\/v2\/pages\/472","targetHints":{"allow":["GET"]}}],"collection":[{"href":"https:\/\/klasam.se\/klasam\/wp-json\/wp\/v2\/pages"}],"about":[{"href":"https:\/\/klasam.se\/klasam\/wp-json\/wp\/v2\/types\/page"}],"author":[{"embeddable":true,"href":"https:\/\/klasam.se\/klasam\/wp-json\/wp\/v2\/users\/1"}],"replies":[{"embeddable":true,"href":"https:\/\/klasam.se\/klasam\/wp-json\/wp\/v2\/comments?post=472"}],"version-history":[{"count":9,"href":"https:\/\/klasam.se\/klasam\/wp-json\/wp\/v2\/pages\/472\/revisions"}],"predecessor-version":[{"id":2250,"href":"https:\/\/klasam.se\/klasam\/wp-json\/wp\/v2\/pages\/472\/revisions\/2250"}],"wp:featuredmedia":[{"embeddable":true,"href":"https:\/\/klasam.se\/klasam\/wp-json\/wp\/v2\/media\/1767"}],"wp:attachment":[{"href":"https:\/\/klasam.se\/klasam\/wp-json\/wp\/v2\/media?parent=472"}],"curies":[{"name":"wp","href":"https:\/\/api.w.org\/{rel}","templated":true}]}}