{"id":1299,"date":"2019-12-17T08:10:12","date_gmt":"2019-12-17T07:10:12","guid":{"rendered":"https:\/\/klasam.se\/?page_id=1299"},"modified":"2026-01-19T11:40:18","modified_gmt":"2026-01-19T10:40:18","slug":"motestider-for-beredningsgrupp-2021","status":"publish","type":"page","link":"https:\/\/klasam.se\/klasam\/om-forbundet\/motestider-for-beredningsgrupp-2021\/","title":{"rendered":"M\u00f6testider f\u00f6r beredningsgrupp och styrgrupp Rebus och Modus 2026"},"content":{"rendered":"<p>Beredningsgruppens m\u00f6ten genomf\u00f6rs digitalt fredagar kl. 9 &#8211; 11.00.<\/p>\n<p>En g\u00e5ng per \u00e5r genomf\u00f6rs internkonferens tillsammans med styrelsen. Detta m\u00f6te \u00e4r p\u00e5 plats.\u00a0<\/p>\n<p>Styrgrupperna f\u00f6r Rebus och Modus genomf\u00f6rs i samband med beredningsgruppens m\u00f6te kl.11.00 &#8211; 12.00<\/p>\n<div>20\/2 kl. 9.00 &#8211; 11.00, kl.11.00 &#8211; 12.00 styrgrupperna Rebus och Modus<\/div>\n<div>24\/4 kl. 9.00 &#8211; 15.30 Heldag tillsammans med beredningsgruppen f\u00f6r Samordningsf\u00f6rbundet i \u00d6stra V\u00e4rmland, Hennickehammar<\/div>\n<div>21\/8 kl. 9.00 &#8211; 11.00, kl.11.00 &#8211; 12.00 styrgrupperna Rebus och Modus<\/div>\n<div>23 &#8211; 24\/9 Lunch till lunch internkonferens tillsammans med styrelsen, D\u00f6mle Herrg\u00e5rd<\/div>\n<div>16\/10 9.00 &#8211; 11.00, kl. 11.00 &#8211; 12.00 styrgrupperna Rebus och Modus<\/div>\n<div>4\/12 kl. 9.00 &#8211; 13.00 Halvdag p\u00e5 D\u00f6mle Herrg\u00e5rd<\/div>\n<div>\u00a0<\/div>\n\n<div class=\"wp-block-image is-resized\">\n<figure class=\"aligncenter size-large\"><img loading=\"lazy\" decoding=\"async\" width=\"1024\" height=\"834\" src=\"https:\/\/klasam.se\/klasam\/wp-content\/uploads\/sites\/1\/2022\/12\/puzzle-pieces-gc138b784f_1920-1024x834.jpg\" alt=\"\" class=\"wp-image-2028\" srcset=\"https:\/\/klasam.se\/klasam\/wp-content\/uploads\/sites\/1\/2022\/12\/puzzle-pieces-gc138b784f_1920-1024x834.jpg 1024w, https:\/\/klasam.se\/klasam\/wp-content\/uploads\/sites\/1\/2022\/12\/puzzle-pieces-gc138b784f_1920-300x244.jpg 300w, https:\/\/klasam.se\/klasam\/wp-content\/uploads\/sites\/1\/2022\/12\/puzzle-pieces-gc138b784f_1920-768x625.jpg 768w, https:\/\/klasam.se\/klasam\/wp-content\/uploads\/sites\/1\/2022\/12\/puzzle-pieces-gc138b784f_1920-1536x1250.jpg 1536w, https:\/\/klasam.se\/klasam\/wp-content\/uploads\/sites\/1\/2022\/12\/puzzle-pieces-gc138b784f_1920.jpg 1920w\" sizes=\"auto, (max-width: 1024px) 100vw, 1024px\" \/><\/figure>\n<\/div>","protected":false},"excerpt":{"rendered":"<p>Beredningsgruppens m\u00f6ten genomf\u00f6rs digitalt fredagar kl. 9 &#8211; 11.00. En g\u00e5ng per \u00e5r genomf\u00f6rs internkonferens tillsammans med styrelsen. Detta m\u00f6te \u00e4r p\u00e5 plats.\u00a0 Styrgrupperna f\u00f6r Rebus och Modus genomf\u00f6rs i samband med beredningsgruppens m\u00f6te kl.11.00 &#8211; 12.00 20\/2 kl. 9.00 &#8211; 11.00, kl.11.00 &#8211; 12.00 styrgrupperna Rebus och Modus 24\/4 kl. 9.00 &#8211; 15.30 Heldag [&hellip;]<\/p>\n","protected":false},"author":4,"featured_media":0,"parent":4,"menu_order":0,"comment_status":"closed","ping_status":"closed","template":"","meta":{"footnotes":""},"class_list":["post-1299","page","type-page","status-publish","hentry"],"yoast_head":"<!-- This site is optimized with the Yoast SEO plugin v27.4 - https:\/\/yoast.com\/product\/yoast-seo-wordpress\/ -->\n<title>M\u00f6testider f\u00f6r beredningsgrupp och styrgrupp Rebus och Modus 2026 - Klar\u00e4lvdalens Samordningsf\u00f6rbund<\/title>\n<meta name=\"robots\" content=\"index, follow, max-snippet:-1, max-image-preview:large, max-video-preview:-1\" \/>\n<link rel=\"canonical\" href=\"https:\/\/klasam.se\/klasam\/om-forbundet\/motestider-for-beredningsgrupp-2021\/\" \/>\n<meta property=\"og:locale\" content=\"sv_SE\" \/>\n<meta property=\"og:type\" content=\"article\" \/>\n<meta property=\"og:title\" content=\"M\u00f6testider f\u00f6r beredningsgrupp och styrgrupp Rebus och Modus 2026 - Klar\u00e4lvdalens Samordningsf\u00f6rbund\" \/>\n<meta property=\"og:description\" content=\"Beredningsgruppens m\u00f6ten genomf\u00f6rs digitalt fredagar kl. 9 &#8211; 11.00. En g\u00e5ng per \u00e5r genomf\u00f6rs internkonferens tillsammans med styrelsen. Detta m\u00f6te \u00e4r p\u00e5 plats.\u00a0 Styrgrupperna f\u00f6r Rebus och Modus genomf\u00f6rs i samband med beredningsgruppens m\u00f6te kl.11.00 &#8211; 12.00 20\/2 kl. 9.00 &#8211; 11.00, kl.11.00 &#8211; 12.00 styrgrupperna Rebus och Modus 24\/4 kl. 9.00 &#8211; 15.30 Heldag [&hellip;]\" \/>\n<meta property=\"og:url\" content=\"https:\/\/klasam.se\/klasam\/om-forbundet\/motestider-for-beredningsgrupp-2021\/\" \/>\n<meta property=\"og:site_name\" content=\"Klar\u00e4lvdalens Samordningsf\u00f6rbund\" \/>\n<meta property=\"article:modified_time\" content=\"2026-01-19T10:40:18+00:00\" \/>\n<meta property=\"og:image\" content=\"https:\/\/klasam.se\/klasam\/wp-content\/uploads\/sites\/1\/2022\/12\/puzzle-pieces-gc138b784f_1920.jpg\" \/>\n\t<meta property=\"og:image:width\" content=\"1920\" \/>\n\t<meta property=\"og:image:height\" content=\"1563\" \/>\n\t<meta property=\"og:image:type\" content=\"image\/jpeg\" \/>\n<meta name=\"twitter:card\" content=\"summary_large_image\" \/>\n<meta name=\"twitter:label1\" content=\"Ber\u00e4knad l\u00e4stid\" \/>\n\t<meta name=\"twitter:data1\" content=\"1 minut\" \/>\n<script type=\"application\/ld+json\" class=\"yoast-schema-graph\">{\"@context\":\"https:\\\/\\\/schema.org\",\"@graph\":[{\"@type\":\"WebPage\",\"@id\":\"https:\\\/\\\/klasam.se\\\/klasam\\\/om-forbundet\\\/motestider-for-beredningsgrupp-2021\\\/\",\"url\":\"https:\\\/\\\/klasam.se\\\/klasam\\\/om-forbundet\\\/motestider-for-beredningsgrupp-2021\\\/\",\"name\":\"M\u00f6testider f\u00f6r beredningsgrupp och styrgrupp Rebus och Modus 2026 - Klar\u00e4lvdalens Samordningsf\u00f6rbund\",\"isPartOf\":{\"@id\":\"https:\\\/\\\/klasam.se\\\/klasam\\\/#website\"},\"primaryImageOfPage\":{\"@id\":\"https:\\\/\\\/klasam.se\\\/klasam\\\/om-forbundet\\\/motestider-for-beredningsgrupp-2021\\\/#primaryimage\"},\"image\":{\"@id\":\"https:\\\/\\\/klasam.se\\\/klasam\\\/om-forbundet\\\/motestider-for-beredningsgrupp-2021\\\/#primaryimage\"},\"thumbnailUrl\":\"https:\\\/\\\/klasam.se\\\/klasam\\\/wp-content\\\/uploads\\\/sites\\\/1\\\/2022\\\/12\\\/puzzle-pieces-gc138b784f_1920-1024x834.jpg\",\"datePublished\":\"2019-12-17T07:10:12+00:00\",\"dateModified\":\"2026-01-19T10:40:18+00:00\",\"breadcrumb\":{\"@id\":\"https:\\\/\\\/klasam.se\\\/klasam\\\/om-forbundet\\\/motestider-for-beredningsgrupp-2021\\\/#breadcrumb\"},\"inLanguage\":\"sv-SE\",\"potentialAction\":[{\"@type\":\"ReadAction\",\"target\":[\"https:\\\/\\\/klasam.se\\\/klasam\\\/om-forbundet\\\/motestider-for-beredningsgrupp-2021\\\/\"]}]},{\"@type\":\"ImageObject\",\"inLanguage\":\"sv-SE\",\"@id\":\"https:\\\/\\\/klasam.se\\\/klasam\\\/om-forbundet\\\/motestider-for-beredningsgrupp-2021\\\/#primaryimage\",\"url\":\"https:\\\/\\\/klasam.se\\\/klasam\\\/wp-content\\\/uploads\\\/sites\\\/1\\\/2022\\\/12\\\/puzzle-pieces-gc138b784f_1920.jpg\",\"contentUrl\":\"https:\\\/\\\/klasam.se\\\/klasam\\\/wp-content\\\/uploads\\\/sites\\\/1\\\/2022\\\/12\\\/puzzle-pieces-gc138b784f_1920.jpg\",\"width\":1920,\"height\":1563},{\"@type\":\"BreadcrumbList\",\"@id\":\"https:\\\/\\\/klasam.se\\\/klasam\\\/om-forbundet\\\/motestider-for-beredningsgrupp-2021\\\/#breadcrumb\",\"itemListElement\":[{\"@type\":\"ListItem\",\"position\":1,\"name\":\"Home\",\"item\":\"https:\\\/\\\/klasam.se\\\/klasam\\\/\"},{\"@type\":\"ListItem\",\"position\":2,\"name\":\"Om F\u00f6rbundet\",\"item\":\"https:\\\/\\\/klasam.se\\\/klasam\\\/om-forbundet\\\/\"},{\"@type\":\"ListItem\",\"position\":3,\"name\":\"M\u00f6testider f\u00f6r beredningsgrupp och styrgrupp Rebus och Modus 2026\"}]},{\"@type\":\"WebSite\",\"@id\":\"https:\\\/\\\/klasam.se\\\/klasam\\\/#website\",\"url\":\"https:\\\/\\\/klasam.se\\\/klasam\\\/\",\"name\":\"Klar\u00e4lvdalens Samordningsf\u00f6rbund\",\"description\":\"Arbete och nya m\u00f6jligheter f\u00f6r alla\",\"publisher\":{\"@id\":\"https:\\\/\\\/klasam.se\\\/klasam\\\/#organization\"},\"potentialAction\":[{\"@type\":\"SearchAction\",\"target\":{\"@type\":\"EntryPoint\",\"urlTemplate\":\"https:\\\/\\\/klasam.se\\\/klasam\\\/?s={search_term_string}\"},\"query-input\":{\"@type\":\"PropertyValueSpecification\",\"valueRequired\":true,\"valueName\":\"search_term_string\"}}],\"inLanguage\":\"sv-SE\"},{\"@type\":\"Organization\",\"@id\":\"https:\\\/\\\/klasam.se\\\/klasam\\\/#organization\",\"name\":\"Klar\u00e4lvdalens Samordningsf\u00f6rbund\",\"url\":\"https:\\\/\\\/klasam.se\\\/klasam\\\/\",\"logo\":{\"@type\":\"ImageObject\",\"inLanguage\":\"sv-SE\",\"@id\":\"https:\\\/\\\/klasam.se\\\/klasam\\\/#\\\/schema\\\/logo\\\/image\\\/\",\"url\":\"https:\\\/\\\/klasam.se\\\/klasam\\\/wp-content\\\/uploads\\\/sites\\\/1\\\/2024\\\/06\\\/Klaralvdalens-Samordningsforbund-Logotyp-Liggande-750-Transparant.png\",\"contentUrl\":\"https:\\\/\\\/klasam.se\\\/klasam\\\/wp-content\\\/uploads\\\/sites\\\/1\\\/2024\\\/06\\\/Klaralvdalens-Samordningsforbund-Logotyp-Liggande-750-Transparant.png\",\"width\":750,\"height\":216,\"caption\":\"Klar\u00e4lvdalens Samordningsf\u00f6rbund\"},\"image\":{\"@id\":\"https:\\\/\\\/klasam.se\\\/klasam\\\/#\\\/schema\\\/logo\\\/image\\\/\"}}]}<\/script>\n<!-- \/ Yoast SEO plugin. -->","yoast_head_json":{"title":"M\u00f6testider f\u00f6r beredningsgrupp och styrgrupp Rebus och Modus 2026 - Klar\u00e4lvdalens Samordningsf\u00f6rbund","robots":{"index":"index","follow":"follow","max-snippet":"max-snippet:-1","max-image-preview":"max-image-preview:large","max-video-preview":"max-video-preview:-1"},"canonical":"https:\/\/klasam.se\/klasam\/om-forbundet\/motestider-for-beredningsgrupp-2021\/","og_locale":"sv_SE","og_type":"article","og_title":"M\u00f6testider f\u00f6r beredningsgrupp och styrgrupp Rebus och Modus 2026 - Klar\u00e4lvdalens Samordningsf\u00f6rbund","og_description":"Beredningsgruppens m\u00f6ten genomf\u00f6rs digitalt fredagar kl. 9 &#8211; 11.00. En g\u00e5ng per \u00e5r genomf\u00f6rs internkonferens tillsammans med styrelsen. Detta m\u00f6te \u00e4r p\u00e5 plats.\u00a0 Styrgrupperna f\u00f6r Rebus och Modus genomf\u00f6rs i samband med beredningsgruppens m\u00f6te kl.11.00 &#8211; 12.00 20\/2 kl. 9.00 &#8211; 11.00, kl.11.00 &#8211; 12.00 styrgrupperna Rebus och Modus 24\/4 kl. 9.00 &#8211; 15.30 Heldag [&hellip;]","og_url":"https:\/\/klasam.se\/klasam\/om-forbundet\/motestider-for-beredningsgrupp-2021\/","og_site_name":"Klar\u00e4lvdalens Samordningsf\u00f6rbund","article_modified_time":"2026-01-19T10:40:18+00:00","og_image":[{"width":1920,"height":1563,"url":"https:\/\/klasam.se\/klasam\/wp-content\/uploads\/sites\/1\/2022\/12\/puzzle-pieces-gc138b784f_1920.jpg","type":"image\/jpeg"}],"twitter_card":"summary_large_image","twitter_misc":{"Ber\u00e4knad l\u00e4stid":"1 minut"},"schema":{"@context":"https:\/\/schema.org","@graph":[{"@type":"WebPage","@id":"https:\/\/klasam.se\/klasam\/om-forbundet\/motestider-for-beredningsgrupp-2021\/","url":"https:\/\/klasam.se\/klasam\/om-forbundet\/motestider-for-beredningsgrupp-2021\/","name":"M\u00f6testider f\u00f6r beredningsgrupp och styrgrupp Rebus och Modus 2026 - Klar\u00e4lvdalens Samordningsf\u00f6rbund","isPartOf":{"@id":"https:\/\/klasam.se\/klasam\/#website"},"primaryImageOfPage":{"@id":"https:\/\/klasam.se\/klasam\/om-forbundet\/motestider-for-beredningsgrupp-2021\/#primaryimage"},"image":{"@id":"https:\/\/klasam.se\/klasam\/om-forbundet\/motestider-for-beredningsgrupp-2021\/#primaryimage"},"thumbnailUrl":"https:\/\/klasam.se\/klasam\/wp-content\/uploads\/sites\/1\/2022\/12\/puzzle-pieces-gc138b784f_1920-1024x834.jpg","datePublished":"2019-12-17T07:10:12+00:00","dateModified":"2026-01-19T10:40:18+00:00","breadcrumb":{"@id":"https:\/\/klasam.se\/klasam\/om-forbundet\/motestider-for-beredningsgrupp-2021\/#breadcrumb"},"inLanguage":"sv-SE","potentialAction":[{"@type":"ReadAction","target":["https:\/\/klasam.se\/klasam\/om-forbundet\/motestider-for-beredningsgrupp-2021\/"]}]},{"@type":"ImageObject","inLanguage":"sv-SE","@id":"https:\/\/klasam.se\/klasam\/om-forbundet\/motestider-for-beredningsgrupp-2021\/#primaryimage","url":"https:\/\/klasam.se\/klasam\/wp-content\/uploads\/sites\/1\/2022\/12\/puzzle-pieces-gc138b784f_1920.jpg","contentUrl":"https:\/\/klasam.se\/klasam\/wp-content\/uploads\/sites\/1\/2022\/12\/puzzle-pieces-gc138b784f_1920.jpg","width":1920,"height":1563},{"@type":"BreadcrumbList","@id":"https:\/\/klasam.se\/klasam\/om-forbundet\/motestider-for-beredningsgrupp-2021\/#breadcrumb","itemListElement":[{"@type":"ListItem","position":1,"name":"Home","item":"https:\/\/klasam.se\/klasam\/"},{"@type":"ListItem","position":2,"name":"Om F\u00f6rbundet","item":"https:\/\/klasam.se\/klasam\/om-forbundet\/"},{"@type":"ListItem","position":3,"name":"M\u00f6testider f\u00f6r beredningsgrupp och styrgrupp Rebus och Modus 2026"}]},{"@type":"WebSite","@id":"https:\/\/klasam.se\/klasam\/#website","url":"https:\/\/klasam.se\/klasam\/","name":"Klar\u00e4lvdalens Samordningsf\u00f6rbund","description":"Arbete och nya m\u00f6jligheter f\u00f6r alla","publisher":{"@id":"https:\/\/klasam.se\/klasam\/#organization"},"potentialAction":[{"@type":"SearchAction","target":{"@type":"EntryPoint","urlTemplate":"https:\/\/klasam.se\/klasam\/?s={search_term_string}"},"query-input":{"@type":"PropertyValueSpecification","valueRequired":true,"valueName":"search_term_string"}}],"inLanguage":"sv-SE"},{"@type":"Organization","@id":"https:\/\/klasam.se\/klasam\/#organization","name":"Klar\u00e4lvdalens Samordningsf\u00f6rbund","url":"https:\/\/klasam.se\/klasam\/","logo":{"@type":"ImageObject","inLanguage":"sv-SE","@id":"https:\/\/klasam.se\/klasam\/#\/schema\/logo\/image\/","url":"https:\/\/klasam.se\/klasam\/wp-content\/uploads\/sites\/1\/2024\/06\/Klaralvdalens-Samordningsforbund-Logotyp-Liggande-750-Transparant.png","contentUrl":"https:\/\/klasam.se\/klasam\/wp-content\/uploads\/sites\/1\/2024\/06\/Klaralvdalens-Samordningsforbund-Logotyp-Liggande-750-Transparant.png","width":750,"height":216,"caption":"Klar\u00e4lvdalens Samordningsf\u00f6rbund"},"image":{"@id":"https:\/\/klasam.se\/klasam\/#\/schema\/logo\/image\/"}}]}},"_links":{"self":[{"href":"https:\/\/klasam.se\/klasam\/wp-json\/wp\/v2\/pages\/1299","targetHints":{"allow":["GET"]}}],"collection":[{"href":"https:\/\/klasam.se\/klasam\/wp-json\/wp\/v2\/pages"}],"about":[{"href":"https:\/\/klasam.se\/klasam\/wp-json\/wp\/v2\/types\/page"}],"author":[{"embeddable":true,"href":"https:\/\/klasam.se\/klasam\/wp-json\/wp\/v2\/users\/4"}],"replies":[{"embeddable":true,"href":"https:\/\/klasam.se\/klasam\/wp-json\/wp\/v2\/comments?post=1299"}],"version-history":[{"count":19,"href":"https:\/\/klasam.se\/klasam\/wp-json\/wp\/v2\/pages\/1299\/revisions"}],"predecessor-version":[{"id":2524,"href":"https:\/\/klasam.se\/klasam\/wp-json\/wp\/v2\/pages\/1299\/revisions\/2524"}],"up":[{"embeddable":true,"href":"https:\/\/klasam.se\/klasam\/wp-json\/wp\/v2\/pages\/4"}],"wp:attachment":[{"href":"https:\/\/klasam.se\/klasam\/wp-json\/wp\/v2\/media?parent=1299"}],"curies":[{"name":"wp","href":"https:\/\/api.w.org\/{rel}","templated":true}]}}