{"id":1044,"date":"2018-06-15T10:57:04","date_gmt":"2018-06-15T08:57:04","guid":{"rendered":"https:\/\/klasam.se\/?page_id=1044"},"modified":"2026-01-19T13:33:57","modified_gmt":"2026-01-19T12:33:57","slug":"fria-medel","status":"publish","type":"page","link":"https:\/\/klasam.se\/klasam\/fria-medel\/","title":{"rendered":"Samverkansmedel"},"content":{"rendered":"<h3>Ans\u00f6ka finansiering av samverkansinsats<\/h3>\n<p>F\u00f6rbundet arbetar i enlighet med Lagen om finansiell samordning (2003:1210). \u00c5rligen avs\u00e4tter f\u00f6rbundsmedlemmarna medel till insatser\/verksamheter av olika slag.<\/p>\n<p>Insatserna inom den finansiella samordningen ska:<\/p>\n<ul class=\"wp-block-list\">\n<li>avse individer som \u00e4r i behov av samordnade rehabiliteringsinsatser och syfta till att dessa uppn\u00e5r eller f\u00f6rb\u00e4ttrar sin f\u00f6rm\u00e5ga att utf\u00f6ra f\u00f6rv\u00e4rvsarbete<\/li>\n<li>st\u00f6dja samverkan mellan samverkansparterna<\/li>\n<li>rymmas inom de samverkande parternas samlade ansvarsomr\u00e5de<\/li>\n<\/ul>\n<p><em>Lagen om finansiell samordning (2003:1210)<\/em><\/p>\n<p><strong>M\u00e5lgrupper f\u00f6r insatser<br \/><\/strong>Individinsatser: Personer i f\u00f6rv\u00e4rvsaktiv \u00e5lder (16-64 \u00e5r) som \u00e4r i behov av samordnade insatser.<\/p>\n<p>Struktur\u00f6vergripande insatser: Medarbetare hos de samverkande parterna<\/p>\n<p><strong>Vem kan ans\u00f6ka om medel?<br \/><\/strong>Medel till insatser kan s\u00f6kas av parter\/medlemmar i Klar\u00e4lvdalens Samordningsf\u00f6rbund. Ans\u00f6kan kan g\u00f6ras av minst tv\u00e5 av parterna i samverkan. En av parterna ska vara huvudman (projekt\u00e4gare) f\u00f6r insatsen.\u00a0<\/p>\n<p><strong>Uppf\u00f6ljning och utv\u00e4rdering<br \/><\/strong><em>Individinsatser:<\/em> Projekt\u00e4garen ansvarar f\u00f6r uppf\u00f6ljning utifr\u00e5n insatsens m\u00e5l och f\u00f6rbundets m\u00e5l f\u00f6r individinriktade insatser och redovisas till styrelsen i del\u00e5rs-, \u00e5rs- och slutrapport.\u00a0<\/p>\n<p><em>Struktur\u00f6vergripande insatser:<\/em> Projekt\u00e4garen ansvarar f\u00f6r uppf\u00f6ljning utifr\u00e5n insatsens m\u00e5l och f\u00f6rbundets m\u00e5l f\u00f6r struktur\u00f6vergripande insatser och redovisas till styrelsen i slutrapport.\u00a0<\/p>\n<p>Efter beslut om beviljade samverkansmedel uppr\u00e4ttas en uppf\u00f6ljningsplan tillsammans med f\u00f6rbundschef. Planen kommer att f\u00f6rankras i insatsens styrgrupp. Det inneb\u00e4r att beslut om uppf\u00f6ljning fattas separat.<\/p>\n<p><strong>Beredning och beslut<br \/><\/strong>Fyll i aktuell blankett, se nedan och s\u00e4nd till f\u00f6rbundschef via e-post eller post.<br \/>F\u00f6rbundschef administrerar och bereder ans\u00f6kan tillsammans med beredningsgruppen f\u00f6r beslut i styrelsen.<\/p>\n<p><strong>Fria medel\u00a0<\/strong><\/p>\n<p>Medel kan s\u00f6kas l\u00f6pande under \u00e5ret. Beredningsgruppen bereder ans\u00f6kan och beslut fattas av styrelsen.<\/p>\n<p><strong>F\u00f6r redan finansierade och p\u00e5g\u00e5ende individinsatser g\u00e4ller inl\u00e4mning av ans\u00f6kan till beredningsgruppens f\u00f6rsta h\u00f6stm\u00f6te.\u00a0<\/strong><\/p>\n<p>Ta g\u00e4rna kontakt med f\u00f6rbundschef Ann-Karin Bohl n\u00e4r ni har en id\u00e9 s\u00e5 kan vi tillsammans diskutera f\u00f6ruts\u00e4ttningarna f\u00f6r en ans\u00f6kan och hur arbetet b\u00e4st l\u00e4ggs upp.\u00a0<\/p>\n\n\n<h2 class=\"wp-block-heading\">Blanketter ans\u00f6kan om finansiering av insatser <\/h2>\n\n\n\n<div class=\"wp-block-file\"><a id=\"wp-block-file--media-4f11aa96-d381-4dd7-b696-17b8f5f4d010\" href=\"https:\/\/klasam.se\/klasam\/wp-content\/uploads\/sites\/1\/2025\/09\/Blankett-ansokan-om-finansiering-av-individinriktad-insats-.docx\">Blankett ans\u00f6kan om finansiering av individinriktad insats<\/a><a href=\"https:\/\/klasam.se\/klasam\/wp-content\/uploads\/sites\/1\/2025\/09\/Blankett-ansokan-om-finansiering-av-individinriktad-insats-.docx\" class=\"wp-block-file__button wp-element-button\" download aria-describedby=\"wp-block-file--media-4f11aa96-d381-4dd7-b696-17b8f5f4d010\">Ladda ner<\/a><\/div>\n\n\n\n<div class=\"wp-block-file\"><a id=\"wp-block-file--media-c466bd4e-03b1-4a17-9eb0-9b25d720a15d\" href=\"https:\/\/klasam.se\/klasam\/wp-content\/uploads\/sites\/1\/2025\/09\/Blankett-ansokan-om-finansiering-av-strukturovergripande-insats-KlaSam-2025.docx\">Blankett ans\u00f6kan om finansiering av struktur\u00f6vergripande insats KlaSam 2025<\/a><a href=\"https:\/\/klasam.se\/klasam\/wp-content\/uploads\/sites\/1\/2025\/09\/Blankett-ansokan-om-finansiering-av-strukturovergripande-insats-KlaSam-2025.docx\" class=\"wp-block-file__button wp-element-button\" download aria-describedby=\"wp-block-file--media-c466bd4e-03b1-4a17-9eb0-9b25d720a15d\">Ladda ner<\/a><\/div>\n\n\n\n<h2 class=\"wp-block-heading\">Redovisning<\/h2>\n\n\n\n<div class=\"wp-block-file\"><a id=\"wp-block-file--media-5e1aeb30-929e-428f-970c-0ebb92938c90\" href=\"https:\/\/klasam.se\/klasam\/wp-content\/uploads\/sites\/1\/2024\/07\/Mall-for-halvarsrapport-finansierad-individinsats.docx\">Mall-for-halvarsrapport-finansierad-individinsats<\/a><a href=\"https:\/\/klasam.se\/klasam\/wp-content\/uploads\/sites\/1\/2024\/07\/Mall-for-halvarsrapport-finansierad-individinsats.docx\" class=\"wp-block-file__button wp-element-button\" download aria-describedby=\"wp-block-file--media-5e1aeb30-929e-428f-970c-0ebb92938c90\">Ladda ner<\/a><\/div>\n\n\n\n<div class=\"wp-block-file\"><a id=\"wp-block-file--media-54005e43-492e-47c5-b080-9fb222b6a9f2\" href=\"https:\/\/klasam.se\/klasam\/wp-content\/uploads\/sites\/1\/2024\/07\/Mall-for-arsrapport-finansierad-individinsats.docx\">Mall-for-arsrapport-finansierad-individinsats<\/a><a href=\"https:\/\/klasam.se\/klasam\/wp-content\/uploads\/sites\/1\/2024\/07\/Mall-for-arsrapport-finansierad-individinsats.docx\" class=\"wp-block-file__button wp-element-button\" download aria-describedby=\"wp-block-file--media-54005e43-492e-47c5-b080-9fb222b6a9f2\">Ladda ner<\/a><\/div>\n\n\n\n<div class=\"wp-block-file\"><a id=\"wp-block-file--media-7e34156d-9f66-47db-a323-d67803a541be\" href=\"https:\/\/klasam.se\/klasam\/wp-content\/uploads\/sites\/1\/2024\/07\/Mall-for-slutrapport-finansierad-individinsats.docx\">Mall-for-slutrapport-finansierad-individinsats<\/a><a href=\"https:\/\/klasam.se\/klasam\/wp-content\/uploads\/sites\/1\/2024\/07\/Mall-for-slutrapport-finansierad-individinsats.docx\" class=\"wp-block-file__button wp-element-button\" download aria-describedby=\"wp-block-file--media-7e34156d-9f66-47db-a323-d67803a541be\">Ladda ner<\/a><\/div>\n\n\n\n<div class=\"wp-block-file\"><a id=\"wp-block-file--media-89409f65-6851-46f8-bc13-106546520982\" href=\"https:\/\/klasam.se\/klasam\/wp-content\/uploads\/sites\/1\/2025\/10\/Mall-for-slutrapport-finansierad-strukturovergripande-insats.docx\">Mall f\u00f6r slutrapport finansierad struktur\u00f6vergripande insats<\/a><a href=\"https:\/\/klasam.se\/klasam\/wp-content\/uploads\/sites\/1\/2025\/10\/Mall-for-slutrapport-finansierad-strukturovergripande-insats.docx\" class=\"wp-block-file__button wp-element-button\" download aria-describedby=\"wp-block-file--media-89409f65-6851-46f8-bc13-106546520982\">Ladda ner<\/a><\/div>\n\n\n\n<p><\/p>\n","protected":false},"excerpt":{"rendered":"<p>Ans\u00f6ka finansiering av samverkansinsats F\u00f6rbundet arbetar i enlighet med Lagen om finansiell samordning (2003:1210). \u00c5rligen avs\u00e4tter f\u00f6rbundsmedlemmarna medel till insatser\/verksamheter av olika slag. Insatserna inom den finansiella samordningen ska: avse individer som \u00e4r i behov av samordnade rehabiliteringsinsatser och syfta till att dessa uppn\u00e5r eller f\u00f6rb\u00e4ttrar sin f\u00f6rm\u00e5ga att utf\u00f6ra f\u00f6rv\u00e4rvsarbete st\u00f6dja samverkan mellan samverkansparterna [&hellip;]<\/p>\n","protected":false},"author":4,"featured_media":0,"parent":0,"menu_order":0,"comment_status":"closed","ping_status":"closed","template":"","meta":{"footnotes":""},"class_list":["post-1044","page","type-page","status-publish","hentry"],"yoast_head":"<!-- This site is optimized with the Yoast SEO plugin v27.5 - https:\/\/yoast.com\/product\/yoast-seo-wordpress\/ -->\n<title>Samverkansmedel - Klar\u00e4lvdalens Samordningsf\u00f6rbund<\/title>\n<meta name=\"robots\" content=\"index, follow, max-snippet:-1, max-image-preview:large, max-video-preview:-1\" \/>\n<link rel=\"canonical\" href=\"https:\/\/klasam.se\/klasam\/fria-medel\/\" \/>\n<meta property=\"og:locale\" content=\"sv_SE\" \/>\n<meta property=\"og:type\" content=\"article\" \/>\n<meta property=\"og:title\" content=\"Samverkansmedel - Klar\u00e4lvdalens Samordningsf\u00f6rbund\" \/>\n<meta property=\"og:description\" content=\"Ans\u00f6ka finansiering av samverkansinsats F\u00f6rbundet arbetar i enlighet med Lagen om finansiell samordning (2003:1210). \u00c5rligen avs\u00e4tter f\u00f6rbundsmedlemmarna medel till insatser\/verksamheter av olika slag. Insatserna inom den finansiella samordningen ska: avse individer som \u00e4r i behov av samordnade rehabiliteringsinsatser och syfta till att dessa uppn\u00e5r eller f\u00f6rb\u00e4ttrar sin f\u00f6rm\u00e5ga att utf\u00f6ra f\u00f6rv\u00e4rvsarbete st\u00f6dja samverkan mellan samverkansparterna [&hellip;]\" \/>\n<meta property=\"og:url\" content=\"https:\/\/klasam.se\/klasam\/fria-medel\/\" \/>\n<meta property=\"og:site_name\" content=\"Klar\u00e4lvdalens Samordningsf\u00f6rbund\" \/>\n<meta property=\"article:modified_time\" content=\"2026-01-19T12:33:57+00:00\" \/>\n<meta name=\"twitter:card\" content=\"summary_large_image\" \/>\n<meta name=\"twitter:label1\" content=\"Ber\u00e4knad l\u00e4stid\" \/>\n\t<meta name=\"twitter:data1\" content=\"2 minuter\" \/>\n<script type=\"application\/ld+json\" class=\"yoast-schema-graph\">{\"@context\":\"https:\\\/\\\/schema.org\",\"@graph\":[{\"@type\":\"WebPage\",\"@id\":\"https:\\\/\\\/klasam.se\\\/klasam\\\/fria-medel\\\/\",\"url\":\"https:\\\/\\\/klasam.se\\\/klasam\\\/fria-medel\\\/\",\"name\":\"Samverkansmedel - Klar\u00e4lvdalens Samordningsf\u00f6rbund\",\"isPartOf\":{\"@id\":\"https:\\\/\\\/klasam.se\\\/klasam\\\/#website\"},\"datePublished\":\"2018-06-15T08:57:04+00:00\",\"dateModified\":\"2026-01-19T12:33:57+00:00\",\"breadcrumb\":{\"@id\":\"https:\\\/\\\/klasam.se\\\/klasam\\\/fria-medel\\\/#breadcrumb\"},\"inLanguage\":\"sv-SE\",\"potentialAction\":[{\"@type\":\"ReadAction\",\"target\":[\"https:\\\/\\\/klasam.se\\\/klasam\\\/fria-medel\\\/\"]}]},{\"@type\":\"BreadcrumbList\",\"@id\":\"https:\\\/\\\/klasam.se\\\/klasam\\\/fria-medel\\\/#breadcrumb\",\"itemListElement\":[{\"@type\":\"ListItem\",\"position\":1,\"name\":\"Home\",\"item\":\"https:\\\/\\\/klasam.se\\\/klasam\\\/\"},{\"@type\":\"ListItem\",\"position\":2,\"name\":\"Samverkansmedel\"}]},{\"@type\":\"WebSite\",\"@id\":\"https:\\\/\\\/klasam.se\\\/klasam\\\/#website\",\"url\":\"https:\\\/\\\/klasam.se\\\/klasam\\\/\",\"name\":\"Klar\u00e4lvdalens Samordningsf\u00f6rbund\",\"description\":\"Arbete och nya m\u00f6jligheter f\u00f6r alla\",\"publisher\":{\"@id\":\"https:\\\/\\\/klasam.se\\\/klasam\\\/#organization\"},\"potentialAction\":[{\"@type\":\"SearchAction\",\"target\":{\"@type\":\"EntryPoint\",\"urlTemplate\":\"https:\\\/\\\/klasam.se\\\/klasam\\\/?s={search_term_string}\"},\"query-input\":{\"@type\":\"PropertyValueSpecification\",\"valueRequired\":true,\"valueName\":\"search_term_string\"}}],\"inLanguage\":\"sv-SE\"},{\"@type\":\"Organization\",\"@id\":\"https:\\\/\\\/klasam.se\\\/klasam\\\/#organization\",\"name\":\"Klar\u00e4lvdalens Samordningsf\u00f6rbund\",\"url\":\"https:\\\/\\\/klasam.se\\\/klasam\\\/\",\"logo\":{\"@type\":\"ImageObject\",\"inLanguage\":\"sv-SE\",\"@id\":\"https:\\\/\\\/klasam.se\\\/klasam\\\/#\\\/schema\\\/logo\\\/image\\\/\",\"url\":\"https:\\\/\\\/klasam.se\\\/klasam\\\/wp-content\\\/uploads\\\/sites\\\/1\\\/2024\\\/06\\\/Klaralvdalens-Samordningsforbund-Logotyp-Liggande-750-Transparant.png\",\"contentUrl\":\"https:\\\/\\\/klasam.se\\\/klasam\\\/wp-content\\\/uploads\\\/sites\\\/1\\\/2024\\\/06\\\/Klaralvdalens-Samordningsforbund-Logotyp-Liggande-750-Transparant.png\",\"width\":750,\"height\":216,\"caption\":\"Klar\u00e4lvdalens Samordningsf\u00f6rbund\"},\"image\":{\"@id\":\"https:\\\/\\\/klasam.se\\\/klasam\\\/#\\\/schema\\\/logo\\\/image\\\/\"}}]}<\/script>\n<!-- \/ Yoast SEO plugin. -->","yoast_head_json":{"title":"Samverkansmedel - Klar\u00e4lvdalens Samordningsf\u00f6rbund","robots":{"index":"index","follow":"follow","max-snippet":"max-snippet:-1","max-image-preview":"max-image-preview:large","max-video-preview":"max-video-preview:-1"},"canonical":"https:\/\/klasam.se\/klasam\/fria-medel\/","og_locale":"sv_SE","og_type":"article","og_title":"Samverkansmedel - Klar\u00e4lvdalens Samordningsf\u00f6rbund","og_description":"Ans\u00f6ka finansiering av samverkansinsats F\u00f6rbundet arbetar i enlighet med Lagen om finansiell samordning (2003:1210). \u00c5rligen avs\u00e4tter f\u00f6rbundsmedlemmarna medel till insatser\/verksamheter av olika slag. Insatserna inom den finansiella samordningen ska: avse individer som \u00e4r i behov av samordnade rehabiliteringsinsatser och syfta till att dessa uppn\u00e5r eller f\u00f6rb\u00e4ttrar sin f\u00f6rm\u00e5ga att utf\u00f6ra f\u00f6rv\u00e4rvsarbete st\u00f6dja samverkan mellan samverkansparterna [&hellip;]","og_url":"https:\/\/klasam.se\/klasam\/fria-medel\/","og_site_name":"Klar\u00e4lvdalens Samordningsf\u00f6rbund","article_modified_time":"2026-01-19T12:33:57+00:00","twitter_card":"summary_large_image","twitter_misc":{"Ber\u00e4knad l\u00e4stid":"2 minuter"},"schema":{"@context":"https:\/\/schema.org","@graph":[{"@type":"WebPage","@id":"https:\/\/klasam.se\/klasam\/fria-medel\/","url":"https:\/\/klasam.se\/klasam\/fria-medel\/","name":"Samverkansmedel - Klar\u00e4lvdalens Samordningsf\u00f6rbund","isPartOf":{"@id":"https:\/\/klasam.se\/klasam\/#website"},"datePublished":"2018-06-15T08:57:04+00:00","dateModified":"2026-01-19T12:33:57+00:00","breadcrumb":{"@id":"https:\/\/klasam.se\/klasam\/fria-medel\/#breadcrumb"},"inLanguage":"sv-SE","potentialAction":[{"@type":"ReadAction","target":["https:\/\/klasam.se\/klasam\/fria-medel\/"]}]},{"@type":"BreadcrumbList","@id":"https:\/\/klasam.se\/klasam\/fria-medel\/#breadcrumb","itemListElement":[{"@type":"ListItem","position":1,"name":"Home","item":"https:\/\/klasam.se\/klasam\/"},{"@type":"ListItem","position":2,"name":"Samverkansmedel"}]},{"@type":"WebSite","@id":"https:\/\/klasam.se\/klasam\/#website","url":"https:\/\/klasam.se\/klasam\/","name":"Klar\u00e4lvdalens Samordningsf\u00f6rbund","description":"Arbete och nya m\u00f6jligheter f\u00f6r alla","publisher":{"@id":"https:\/\/klasam.se\/klasam\/#organization"},"potentialAction":[{"@type":"SearchAction","target":{"@type":"EntryPoint","urlTemplate":"https:\/\/klasam.se\/klasam\/?s={search_term_string}"},"query-input":{"@type":"PropertyValueSpecification","valueRequired":true,"valueName":"search_term_string"}}],"inLanguage":"sv-SE"},{"@type":"Organization","@id":"https:\/\/klasam.se\/klasam\/#organization","name":"Klar\u00e4lvdalens Samordningsf\u00f6rbund","url":"https:\/\/klasam.se\/klasam\/","logo":{"@type":"ImageObject","inLanguage":"sv-SE","@id":"https:\/\/klasam.se\/klasam\/#\/schema\/logo\/image\/","url":"https:\/\/klasam.se\/klasam\/wp-content\/uploads\/sites\/1\/2024\/06\/Klaralvdalens-Samordningsforbund-Logotyp-Liggande-750-Transparant.png","contentUrl":"https:\/\/klasam.se\/klasam\/wp-content\/uploads\/sites\/1\/2024\/06\/Klaralvdalens-Samordningsforbund-Logotyp-Liggande-750-Transparant.png","width":750,"height":216,"caption":"Klar\u00e4lvdalens Samordningsf\u00f6rbund"},"image":{"@id":"https:\/\/klasam.se\/klasam\/#\/schema\/logo\/image\/"}}]}},"_links":{"self":[{"href":"https:\/\/klasam.se\/klasam\/wp-json\/wp\/v2\/pages\/1044","targetHints":{"allow":["GET"]}}],"collection":[{"href":"https:\/\/klasam.se\/klasam\/wp-json\/wp\/v2\/pages"}],"about":[{"href":"https:\/\/klasam.se\/klasam\/wp-json\/wp\/v2\/types\/page"}],"author":[{"embeddable":true,"href":"https:\/\/klasam.se\/klasam\/wp-json\/wp\/v2\/users\/4"}],"replies":[{"embeddable":true,"href":"https:\/\/klasam.se\/klasam\/wp-json\/wp\/v2\/comments?post=1044"}],"version-history":[{"count":48,"href":"https:\/\/klasam.se\/klasam\/wp-json\/wp\/v2\/pages\/1044\/revisions"}],"predecessor-version":[{"id":2525,"href":"https:\/\/klasam.se\/klasam\/wp-json\/wp\/v2\/pages\/1044\/revisions\/2525"}],"wp:attachment":[{"href":"https:\/\/klasam.se\/klasam\/wp-json\/wp\/v2\/media?parent=1044"}],"curies":[{"name":"wp","href":"https:\/\/api.w.org\/{rel}","templated":true}]}}